{"id":2,"date":"2022-01-26T21:16:02","date_gmt":"2022-01-26T21:16:02","guid":{"rendered":"http:\/\/clinime.com.br\/pg\/?page_id=2"},"modified":"2026-02-06T10:56:28","modified_gmt":"2026-02-06T13:56:28","slug":"principal","status":"publish","type":"page","link":"http:\/\/clinime.com.br\/pg\/","title":{"rendered":"Clinime Sa\u00fade"},"content":{"rendered":"\n<p><\/p>\n\n\n\n<div class=\"wp-block-media-text alignwide is-stacked-on-mobile is-vertically-aligned-center has-ast-global-color-3-color has-pale-ocean-gradient-background has-text-color has-background\" style=\"grid-template-columns:29% auto\"><figure class=\"wp-block-media-text__media\"><img loading=\"lazy\" decoding=\"async\" width=\"742\" height=\"854\" src=\"http:\/\/clinime.com.br\/pg\/wp-content\/uploads\/2022\/02\/home-1.png\" alt=\"\" class=\"wp-image-103 size-full\" srcset=\"http:\/\/clinime.com.br\/pg\/wp-content\/uploads\/2022\/02\/home-1.png 742w, http:\/\/clinime.com.br\/pg\/wp-content\/uploads\/2022\/02\/home-1-261x300.png 261w\" sizes=\"(max-width: 742px) 100vw, 742px\" \/><\/figure><div class=\"wp-block-media-text__content\">\n<h2 class=\"wp-block-heading has-text-align-center has-ast-global-color-3-color has-text-color\">Quem somos?<\/h2>\n\n\n\n<div class=\"wp-block-group is-layout-flow wp-block-group-is-layout-flow\"><div class=\"wp-block-group__inner-container\">\n<p class=\"has-text-align-center has-ast-global-color-3-color has-text-color has-medium-font-size\">Somos uma clinica multidisciplinar de sa\u00fade que acredita que seu bem-estar e de sua fam\u00edlia deve vir em primer lugar! Estamos preparados para ajudar voc\u00ea a alcan\u00e7ar maior qualidade de vida atrav\u00e9s do cuidado com sua sa\u00fade, vem conosco!<a href=\"https:\/\/websitedemos.net\/wireframes\/about\/?brainstormforce=pTXyytedV9E9TFhT#\"><\/a><\/p>\n<\/div><\/div>\n\n\n\n<div class=\"wp-block-buttons is-layout-flex wp-block-buttons-is-layout-flex\"><\/div>\n<\/div><\/div>\n\n\n\n<div class=\"wp-block-group alignwide is-layout-flow wp-block-group-is-layout-flow\"><div class=\"wp-block-group__inner-container\">\n<h2 class=\"wp-block-heading has-text-align-center has-large-font-size\">Conhe\u00e7a a Clinime<\/h2>\n\n\n\n<div class=\"wp-block-columns is-layout-flex wp-container-core-columns-is-layout-2 wp-block-columns-is-layout-flex\">\n<div class=\"wp-block-column is-layout-flow wp-block-column-is-layout-flow\" style=\"flex-basis:100%\">\n<div class=\"wp-block-columns is-layout-flex wp-container-core-columns-is-layout-1 wp-block-columns-is-layout-flex\">\n<div class=\"wp-block-column is-layout-flow wp-block-column-is-layout-flow\" style=\"flex-basis:100%\"><\/div>\n<\/div>\n<\/div>\n<\/div>\n\n\n\n<div class=\"wp-block-columns alignwide is-layout-flex wp-container-core-columns-is-layout-3 wp-block-columns-is-layout-flex\">\n<div class=\"wp-block-column is-layout-flow wp-block-column-is-layout-flow\">\n<figure class=\"wp-block-image alignfull size-large\"><img loading=\"lazy\" decoding=\"async\" width=\"768\" height=\"1024\" src=\"http:\/\/clinime.com.br\/pg\/wp-content\/uploads\/2022\/03\/WhatsApp-Image-2022-02-28-at-08.55.27-b-768x1024.jpeg\" alt=\"\" class=\"wp-image-228\" srcset=\"http:\/\/clinime.com.br\/pg\/wp-content\/uploads\/2022\/03\/WhatsApp-Image-2022-02-28-at-08.55.27-b-768x1024.jpeg 768w, http:\/\/clinime.com.br\/pg\/wp-content\/uploads\/2022\/03\/WhatsApp-Image-2022-02-28-at-08.55.27-b-225x300.jpeg 225w, http:\/\/clinime.com.br\/pg\/wp-content\/uploads\/2022\/03\/WhatsApp-Image-2022-02-28-at-08.55.27-b-1152x1536.jpeg 1152w, http:\/\/clinime.com.br\/pg\/wp-content\/uploads\/2022\/03\/WhatsApp-Image-2022-02-28-at-08.55.27-b.jpeg 1200w\" sizes=\"(max-width: 768px) 100vw, 768px\" \/><\/figure>\n\n\n\n<div class=\"wp-block-group is-layout-flow wp-block-group-is-layout-flow\"><div class=\"wp-block-group__inner-container\">\n<h3 class=\"wp-block-heading has-text-align-center has-text-color\" style=\"color:#ff7a5d\">Recep\u00e7\u00e3o<\/h3>\n\n\n\n<p class=\"has-text-align-center has-ast-global-color-3-color has-text-color\">Aberta das 7:00 at\u00e9 \u00e0s 19:00, nossa recep\u00e7\u00e3o conta com duas confort\u00e1veis salas de espera, moderno banheiro e copa para melhor atend\u00ea-los. Al\u00e9m disso, nosso staff \u00e9 muito atencioso e dispon\u00edvel, vem conferir!<\/p>\n<\/div><\/div>\n<\/div>\n\n\n\n<div class=\"wp-block-column is-layout-flow wp-block-column-is-layout-flow\">\n<figure class=\"wp-block-image alignfull size-large\"><img loading=\"lazy\" decoding=\"async\" width=\"768\" height=\"1024\" src=\"http:\/\/clinime.com.br\/pg\/wp-content\/uploads\/2022\/03\/WhatsApp-Image-2022-03-01-at-12.30.21-768x1024.jpeg\" alt=\"\" class=\"wp-image-226\" srcset=\"http:\/\/clinime.com.br\/pg\/wp-content\/uploads\/2022\/03\/WhatsApp-Image-2022-03-01-at-12.30.21-768x1024.jpeg 768w, http:\/\/clinime.com.br\/pg\/wp-content\/uploads\/2022\/03\/WhatsApp-Image-2022-03-01-at-12.30.21-225x300.jpeg 225w, http:\/\/clinime.com.br\/pg\/wp-content\/uploads\/2022\/03\/WhatsApp-Image-2022-03-01-at-12.30.21-1152x1536.jpeg 1152w, http:\/\/clinime.com.br\/pg\/wp-content\/uploads\/2022\/03\/WhatsApp-Image-2022-03-01-at-12.30.21.jpeg 1200w\" sizes=\"(max-width: 768px) 100vw, 768px\" \/><\/figure>\n\n\n\n<div class=\"wp-block-group is-layout-flow wp-block-group-is-layout-flow\"><div class=\"wp-block-group__inner-container\">\n<h3 class=\"wp-block-heading has-text-align-center has-text-color\" style=\"color:#ff7a5d\">Consult\u00f3rios<\/h3>\n\n\n\n<p class=\"has-text-align-center has-ast-global-color-3-color has-text-color\">Temos 06 confort\u00e1veis consult\u00f3rios, adaptados para diferentes especialidades na \u00e1rea da sa\u00fade: Psiquiatria, Psicologia, Pediatria, Terapia Ocupacional, entre outras. Nossa inten\u00e7\u00e3o \u00e9 ser um ambiente acolhedor \ud83d\ude42<\/p>\n<\/div><\/div>\n<\/div>\n\n\n\n<div class=\"wp-block-column is-layout-flow wp-block-column-is-layout-flow\">\n<figure class=\"wp-block-gallery alignfull has-nested-images columns-default is-cropped wp-block-gallery-1 is-layout-flex wp-block-gallery-is-layout-flex\">\n<figure class=\"wp-block-image size-large is-style-default\"><img loading=\"lazy\" decoding=\"async\" width=\"1024\" height=\"682\" src=\"http:\/\/clinime.com.br\/pg\/wp-content\/uploads\/2022\/08\/44d24269-6ce3-4d2f-8cc1-116e40d7989c-1024x682.jpg\" alt=\"\" class=\"wp-image-295\" srcset=\"http:\/\/clinime.com.br\/pg\/wp-content\/uploads\/2022\/08\/44d24269-6ce3-4d2f-8cc1-116e40d7989c-1024x682.jpg 1024w, http:\/\/clinime.com.br\/pg\/wp-content\/uploads\/2022\/08\/44d24269-6ce3-4d2f-8cc1-116e40d7989c-300x200.jpg 300w, http:\/\/clinime.com.br\/pg\/wp-content\/uploads\/2022\/08\/44d24269-6ce3-4d2f-8cc1-116e40d7989c-768x512.jpg 768w, http:\/\/clinime.com.br\/pg\/wp-content\/uploads\/2022\/08\/44d24269-6ce3-4d2f-8cc1-116e40d7989c.jpg 1280w\" sizes=\"(max-width: 1024px) 100vw, 1024px\" \/><\/figure>\n<\/figure>\n\n\n\n<div class=\"wp-block-group is-layout-flow wp-block-group-is-layout-flow\"><div class=\"wp-block-group__inner-container\">\n<h3 class=\"wp-block-heading has-text-align-center has-text-color\" style=\"color:#ff7a5d\">Trabalhe conosco!<\/h3>\n\n\n\n<p class=\"has-text-align-center has-ast-global-color-3-color has-text-color\">Se voc\u00ea \u00e9 profissional de sa\u00fade e est\u00e1 interessado em fazer parte de nossa equipe entre em contato agora mesmo, temos vagas para diversas especialidades!<\/p>\n\n\n\n<p>Para mais informa\u00e7\u00e3o do aluguei das salas  contatar o seguinte numero:                                                          (31) 997386037<\/p>\n<\/div><\/div>\n<\/div>\n<\/div>\n<\/div><\/div>\n\n\n\n<h2 class=\"wp-block-heading has-text-align-center\">Conhe\u00e7a nossos profissionais!<\/h2>\n\n\n\n<div class=\"wp-block-columns is-layout-flex wp-container-core-columns-is-layout-4 wp-block-columns-is-layout-flex\">\n<div class=\"wp-block-column is-layout-flow wp-block-column-is-layout-flow\">\n<figure class=\"wp-block-gallery has-nested-images columns-default is-cropped wp-block-gallery-2 is-layout-flex wp-block-gallery-is-layout-flex\">\n<figure class=\"wp-block-image size-large\"><img loading=\"lazy\" decoding=\"async\" width=\"1024\" height=\"683\" src=\"http:\/\/clinime.com.br\/pg\/wp-content\/uploads\/2022\/06\/sem-titulo-57-1-1-1024x683.jpg\" alt=\"\" class=\"wp-image-276\" srcset=\"http:\/\/clinime.com.br\/pg\/wp-content\/uploads\/2022\/06\/sem-titulo-57-1-1-1024x683.jpg 1024w, http:\/\/clinime.com.br\/pg\/wp-content\/uploads\/2022\/06\/sem-titulo-57-1-1-300x200.jpg 300w, http:\/\/clinime.com.br\/pg\/wp-content\/uploads\/2022\/06\/sem-titulo-57-1-1-768x512.jpg 768w, http:\/\/clinime.com.br\/pg\/wp-content\/uploads\/2022\/06\/sem-titulo-57-1-1-1536x1024.jpg 1536w, http:\/\/clinime.com.br\/pg\/wp-content\/uploads\/2022\/06\/sem-titulo-57-1-1-2048x1365.jpg 2048w\" sizes=\"(max-width: 1024px) 100vw, 1024px\" \/><\/figure>\n<\/figure>\n\n\n\n<p class=\"has-text-align-center\"><strong>Dra. Maria Elvira Anastasia Pereira<\/strong><\/p>\n\n\n\n<p class=\"has-text-align-center\">Psiquiatria da Inf\u00e2ncia e Adolesc\u00eancia<\/p>\n\n\n\n<p class=\"has-text-align-center\">CRMMG 54481<\/p>\n\n\n\n<p class=\"has-text-align-center\">RQE 33225\/35678<\/p>\n\n\n\n<p><\/p>\n<\/div>\n\n\n\n<div class=\"wp-block-column is-layout-flow wp-block-column-is-layout-flow\">\n<figure class=\"wp-block-image size-large\"><img loading=\"lazy\" decoding=\"async\" width=\"1024\" height=\"682\" src=\"http:\/\/clinime.com.br\/pg\/wp-content\/uploads\/2022\/06\/image-1024x682.png\" alt=\"\" class=\"wp-image-272\" srcset=\"http:\/\/clinime.com.br\/pg\/wp-content\/uploads\/2022\/06\/image-1024x682.png 1024w, http:\/\/clinime.com.br\/pg\/wp-content\/uploads\/2022\/06\/image-300x200.png 300w, http:\/\/clinime.com.br\/pg\/wp-content\/uploads\/2022\/06\/image-768x512.png 768w, http:\/\/clinime.com.br\/pg\/wp-content\/uploads\/2022\/06\/image.png 1391w\" sizes=\"(max-width: 1024px) 100vw, 1024px\" \/><\/figure>\n\n\n\n<p class=\"has-text-align-center\"><strong>Dra. Clarissa Prazeres De Andrade<\/strong><\/p>\n\n\n\n<p class=\"has-text-align-center\"> M\u00e9dica Psiquiatra<\/p>\n\n\n\n<p class=\"has-text-align-center\">Psiquiatria Forense<\/p>\n\n\n\n<p><\/p>\n<\/div>\n\n\n\n<div class=\"wp-block-column is-layout-flow wp-block-column-is-layout-flow\">\n<figure class=\"wp-block-image size-large\"><img loading=\"lazy\" decoding=\"async\" width=\"1024\" height=\"683\" src=\"http:\/\/clinime.com.br\/pg\/wp-content\/uploads\/2022\/06\/sem-titulo-65-foto-escogida-1-1024x683.jpg\" alt=\"\" class=\"wp-image-264\" srcset=\"http:\/\/clinime.com.br\/pg\/wp-content\/uploads\/2022\/06\/sem-titulo-65-foto-escogida-1-1024x683.jpg 1024w, http:\/\/clinime.com.br\/pg\/wp-content\/uploads\/2022\/06\/sem-titulo-65-foto-escogida-1-300x200.jpg 300w, http:\/\/clinime.com.br\/pg\/wp-content\/uploads\/2022\/06\/sem-titulo-65-foto-escogida-1-768x512.jpg 768w, http:\/\/clinime.com.br\/pg\/wp-content\/uploads\/2022\/06\/sem-titulo-65-foto-escogida-1-1536x1024.jpg 1536w, http:\/\/clinime.com.br\/pg\/wp-content\/uploads\/2022\/06\/sem-titulo-65-foto-escogida-1-2048x1366.jpg 2048w\" sizes=\"(max-width: 1024px) 100vw, 1024px\" \/><\/figure>\n\n\n\n<p class=\"has-text-align-center\"><strong>Dr. Rodrigo Wagner Da Gama<\/strong><\/p>\n\n\n\n<p class=\"has-text-align-center\">M\u00e9dico Psiquiatra<\/p>\n\n\n\n<p><\/p>\n<\/div>\n<\/div>\n\n\n\n<div class=\"wp-block-columns is-layout-flex wp-container-core-columns-is-layout-5 wp-block-columns-is-layout-flex\">\n<div class=\"wp-block-column is-layout-flow wp-block-column-is-layout-flow\">\n<figure class=\"wp-block-image size-large is-resized\"><img loading=\"lazy\" decoding=\"async\" width=\"1024\" height=\"683\" src=\"https:\/\/clinime.com.br\/pg\/wp-content\/uploads\/2024\/11\/WhatsApp-Image-2024-10-24-at-14.59.10-1024x683.jpeg\" alt=\"\" class=\"wp-image-416\" style=\"width:291px;height:auto\" srcset=\"http:\/\/clinime.com.br\/pg\/wp-content\/uploads\/2024\/11\/WhatsApp-Image-2024-10-24-at-14.59.10-1024x683.jpeg 1024w, http:\/\/clinime.com.br\/pg\/wp-content\/uploads\/2024\/11\/WhatsApp-Image-2024-10-24-at-14.59.10-300x200.jpeg 300w, http:\/\/clinime.com.br\/pg\/wp-content\/uploads\/2024\/11\/WhatsApp-Image-2024-10-24-at-14.59.10-768x513.jpeg 768w, http:\/\/clinime.com.br\/pg\/wp-content\/uploads\/2024\/11\/WhatsApp-Image-2024-10-24-at-14.59.10.jpeg 1329w\" sizes=\"(max-width: 1024px) 100vw, 1024px\" \/><\/figure>\n\n\n\n<p><strong>Dra.<\/strong> <strong>Dayane Resende <\/strong><\/p>\n\n\n\n<p>M\u00e9dica Neurologista<\/p>\n<\/div>\n\n\n\n<div class=\"wp-block-column is-layout-flow wp-block-column-is-layout-flow\">\n<figure class=\"wp-block-image size-large\"><img loading=\"lazy\" decoding=\"async\" width=\"1024\" height=\"694\" src=\"http:\/\/clinime.com.br\/pg\/wp-content\/uploads\/2022\/12\/Thais-pereira-web-2-1024x694.jpg\" alt=\"\" class=\"wp-image-376\" srcset=\"http:\/\/clinime.com.br\/pg\/wp-content\/uploads\/2022\/12\/Thais-pereira-web-2-1024x694.jpg 1024w, http:\/\/clinime.com.br\/pg\/wp-content\/uploads\/2022\/12\/Thais-pereira-web-2-300x203.jpg 300w, http:\/\/clinime.com.br\/pg\/wp-content\/uploads\/2022\/12\/Thais-pereira-web-2-768x520.jpg 768w, http:\/\/clinime.com.br\/pg\/wp-content\/uploads\/2022\/12\/Thais-pereira-web-2.jpg 1320w\" sizes=\"(max-width: 1024px) 100vw, 1024px\" \/><figcaption class=\"wp-element-caption\"><strong>Thais Pereira Da Silva<\/strong><\/figcaption><\/figure>\n\n\n\n<p>Nutricionista<\/p>\n<\/div>\n\n\n\n<div class=\"wp-block-column is-layout-flow wp-block-column-is-layout-flow\">\n<figure class=\"wp-block-image size-large\"><img loading=\"lazy\" decoding=\"async\" width=\"1024\" height=\"683\" src=\"http:\/\/clinime.com.br\/pg\/wp-content\/uploads\/2022\/09\/sem-titulo-165-1-1024x683.jpg\" alt=\"\" class=\"wp-image-339\" srcset=\"http:\/\/clinime.com.br\/pg\/wp-content\/uploads\/2022\/09\/sem-titulo-165-1-1024x683.jpg 1024w, http:\/\/clinime.com.br\/pg\/wp-content\/uploads\/2022\/09\/sem-titulo-165-1-300x200.jpg 300w, http:\/\/clinime.com.br\/pg\/wp-content\/uploads\/2022\/09\/sem-titulo-165-1-768x512.jpg 768w, http:\/\/clinime.com.br\/pg\/wp-content\/uploads\/2022\/09\/sem-titulo-165-1-1536x1024.jpg 1536w, http:\/\/clinime.com.br\/pg\/wp-content\/uploads\/2022\/09\/sem-titulo-165-1-2048x1365.jpg 2048w\" sizes=\"(max-width: 1024px) 100vw, 1024px\" \/><figcaption class=\"wp-element-caption\"><strong>Dra. Natalia Vasconcelos Silva<\/strong><\/figcaption><\/figure>\n\n\n\n<p> M\u00e9dica Psiquiatra<\/p>\n<\/div>\n<\/div>\n\n\n\n<div class=\"wp-block-columns is-layout-flex wp-container-core-columns-is-layout-6 wp-block-columns-is-layout-flex\">\n<div class=\"wp-block-column is-layout-flow wp-block-column-is-layout-flow\">\n<figure class=\"wp-block-image size-large\"><img loading=\"lazy\" decoding=\"async\" width=\"1024\" height=\"682\" src=\"http:\/\/clinime.com.br\/pg\/wp-content\/uploads\/2022\/12\/Foto-Julia-website-2-1024x682.jpg\" alt=\"\" class=\"wp-image-359\" srcset=\"http:\/\/clinime.com.br\/pg\/wp-content\/uploads\/2022\/12\/Foto-Julia-website-2-1024x682.jpg 1024w, http:\/\/clinime.com.br\/pg\/wp-content\/uploads\/2022\/12\/Foto-Julia-website-2-300x200.jpg 300w, http:\/\/clinime.com.br\/pg\/wp-content\/uploads\/2022\/12\/Foto-Julia-website-2-768x512.jpg 768w, http:\/\/clinime.com.br\/pg\/wp-content\/uploads\/2022\/12\/Foto-Julia-website-2-1536x1023.jpg 1536w, http:\/\/clinime.com.br\/pg\/wp-content\/uploads\/2022\/12\/Foto-Julia-website-2-2048x1365.jpg 2048w\" sizes=\"(max-width: 1024px) 100vw, 1024px\" \/><\/figure>\n\n\n\n<p class=\"has-text-align-center\"><strong>Dra. Julia Bubani<\/strong><\/p>\n\n\n\n<p class=\"has-text-align-center\">Medica-psiquiatria<\/p>\n\n\n\n<p><\/p>\n<\/div>\n\n\n\n<div class=\"wp-block-column is-layout-flow wp-block-column-is-layout-flow\">\n<figure class=\"wp-block-image size-large\"><img loading=\"lazy\" decoding=\"async\" width=\"1024\" height=\"683\" src=\"http:\/\/clinime.com.br\/pg\/wp-content\/uploads\/2022\/06\/sem-titulo-71-1024x683.jpg\" alt=\"\" class=\"wp-image-245\" srcset=\"http:\/\/clinime.com.br\/pg\/wp-content\/uploads\/2022\/06\/sem-titulo-71-1024x683.jpg 1024w, http:\/\/clinime.com.br\/pg\/wp-content\/uploads\/2022\/06\/sem-titulo-71-300x200.jpg 300w, http:\/\/clinime.com.br\/pg\/wp-content\/uploads\/2022\/06\/sem-titulo-71-768x512.jpg 768w, http:\/\/clinime.com.br\/pg\/wp-content\/uploads\/2022\/06\/sem-titulo-71-1536x1024.jpg 1536w, http:\/\/clinime.com.br\/pg\/wp-content\/uploads\/2022\/06\/sem-titulo-71-2048x1365.jpg 2048w\" sizes=\"(max-width: 1024px) 100vw, 1024px\" \/><\/figure>\n\n\n\n<p class=\"has-text-align-center\"><strong>Mayara Norberto Umbelino<\/strong><\/p>\n\n\n\n<p class=\"has-text-align-center\">Psic\u00f3loga Cl\u00ednica<\/p>\n\n\n\n<p><\/p>\n<\/div>\n\n\n\n<div class=\"wp-block-column is-layout-flow wp-block-column-is-layout-flow\">\n<figure class=\"wp-block-gallery has-nested-images columns-default is-cropped wp-block-gallery-3 is-layout-flex wp-block-gallery-is-layout-flex\">\n<figure class=\"wp-block-image size-large\"><img loading=\"lazy\" decoding=\"async\" width=\"1024\" height=\"685\" src=\"https:\/\/clinime.com.br\/pg\/wp-content\/uploads\/2026\/02\/IMG_4765-Copia-2-1024x685.jpeg\" alt=\"\" class=\"wp-image-463\" srcset=\"http:\/\/clinime.com.br\/pg\/wp-content\/uploads\/2026\/02\/IMG_4765-Copia-2-1024x685.jpeg 1024w, http:\/\/clinime.com.br\/pg\/wp-content\/uploads\/2026\/02\/IMG_4765-Copia-2-300x201.jpeg 300w, http:\/\/clinime.com.br\/pg\/wp-content\/uploads\/2026\/02\/IMG_4765-Copia-2-768x514.jpeg 768w, http:\/\/clinime.com.br\/pg\/wp-content\/uploads\/2026\/02\/IMG_4765-Copia-2-1536x1027.jpeg 1536w, http:\/\/clinime.com.br\/pg\/wp-content\/uploads\/2026\/02\/IMG_4765-Copia-2-2048x1370.jpeg 2048w\" sizes=\"(max-width: 1024px) 100vw, 1024px\" \/><\/figure>\n<\/figure>\n\n\n\n<p class=\"has-text-align-center\"><strong>Dr. Rafael Ferreira Miranda<\/strong><\/p>\n\n\n\n<p class=\"has-text-align-center\">M\u00e9dico Psiquiatra<\/p>\n\n\n\n<p><\/p>\n<\/div>\n<\/div>\n\n\n\n<div class=\"wp-block-columns is-layout-flex wp-container-core-columns-is-layout-7 wp-block-columns-is-layout-flex\">\n<div class=\"wp-block-column is-layout-flow wp-block-column-is-layout-flow\">\n<figure class=\"wp-block-image size-large\"><img loading=\"lazy\" decoding=\"async\" width=\"1024\" height=\"683\" src=\"http:\/\/clinime.com.br\/pg\/wp-content\/uploads\/2022\/09\/sem-titulo-169-1024x683.jpg\" alt=\"\" class=\"wp-image-344\" srcset=\"http:\/\/clinime.com.br\/pg\/wp-content\/uploads\/2022\/09\/sem-titulo-169-1024x683.jpg 1024w, http:\/\/clinime.com.br\/pg\/wp-content\/uploads\/2022\/09\/sem-titulo-169-300x200.jpg 300w, http:\/\/clinime.com.br\/pg\/wp-content\/uploads\/2022\/09\/sem-titulo-169-768x512.jpg 768w, http:\/\/clinime.com.br\/pg\/wp-content\/uploads\/2022\/09\/sem-titulo-169-1536x1024.jpg 1536w, http:\/\/clinime.com.br\/pg\/wp-content\/uploads\/2022\/09\/sem-titulo-169-2048x1365.jpg 2048w\" sizes=\"(max-width: 1024px) 100vw, 1024px\" \/><figcaption class=\"wp-element-caption\"><strong>Dr. Daniel Maltez Miraglia<\/strong><\/figcaption><\/figure>\n\n\n\n<p>M\u00e9dico Psiquiatra<\/p>\n<\/div>\n\n\n\n<div class=\"wp-block-column is-layout-flow wp-block-column-is-layout-flow\">\n<figure class=\"wp-block-image size-large\"><img loading=\"lazy\" decoding=\"async\" width=\"1024\" height=\"695\" src=\"http:\/\/clinime.com.br\/pg\/wp-content\/uploads\/2022\/10\/Aloiso-2-1-1024x695.jpeg\" alt=\"\" class=\"wp-image-351\" srcset=\"http:\/\/clinime.com.br\/pg\/wp-content\/uploads\/2022\/10\/Aloiso-2-1-1024x695.jpeg 1024w, http:\/\/clinime.com.br\/pg\/wp-content\/uploads\/2022\/10\/Aloiso-2-1-300x204.jpeg 300w, http:\/\/clinime.com.br\/pg\/wp-content\/uploads\/2022\/10\/Aloiso-2-1-768x521.jpeg 768w, http:\/\/clinime.com.br\/pg\/wp-content\/uploads\/2022\/10\/Aloiso-2-1.jpeg 1194w\" sizes=\"(max-width: 1024px) 100vw, 1024px\" \/><figcaption class=\"wp-element-caption\"><strong>Dr. Aloisio  Romanelli<\/strong><\/figcaption><\/figure>\n\n\n\n<p>M\u00e9dico Psiquiatra<\/p>\n<\/div>\n\n\n\n<div class=\"wp-block-column is-layout-flow wp-block-column-is-layout-flow\">\n<figure class=\"wp-block-image size-large\"><img loading=\"lazy\" decoding=\"async\" width=\"1024\" height=\"706\" src=\"http:\/\/clinime.com.br\/pg\/wp-content\/uploads\/2022\/12\/Foto-Adriana-Website-3-1024x706.jpg\" alt=\"\" class=\"wp-image-363\" srcset=\"http:\/\/clinime.com.br\/pg\/wp-content\/uploads\/2022\/12\/Foto-Adriana-Website-3-1024x706.jpg 1024w, http:\/\/clinime.com.br\/pg\/wp-content\/uploads\/2022\/12\/Foto-Adriana-Website-3-300x207.jpg 300w, http:\/\/clinime.com.br\/pg\/wp-content\/uploads\/2022\/12\/Foto-Adriana-Website-3-768x529.jpg 768w, http:\/\/clinime.com.br\/pg\/wp-content\/uploads\/2022\/12\/Foto-Adriana-Website-3.jpg 1200w\" sizes=\"(max-width: 1024px) 100vw, 1024px\" \/><figcaption class=\"wp-element-caption\"><strong>Adriana Bandeira Braga<\/strong><\/figcaption><\/figure>\n\n\n\n<p>Psic\u00f3loga e neuropsic\u00f3loga<\/p>\n<\/div>\n<\/div>\n\n\n\n<div class=\"wp-block-columns is-layout-flex wp-container-core-columns-is-layout-8 wp-block-columns-is-layout-flex\">\n<div class=\"wp-block-column is-layout-flow wp-block-column-is-layout-flow\">\n<figure class=\"wp-block-image size-large\"><img loading=\"lazy\" decoding=\"async\" width=\"1024\" height=\"696\" src=\"https:\/\/clinime.com.br\/pg\/wp-content\/uploads\/2024\/11\/Debora-2-1-1024x696.jpeg\" alt=\"\" class=\"wp-image-423\" srcset=\"http:\/\/clinime.com.br\/pg\/wp-content\/uploads\/2024\/11\/Debora-2-1-1024x696.jpeg 1024w, http:\/\/clinime.com.br\/pg\/wp-content\/uploads\/2024\/11\/Debora-2-1-300x204.jpeg 300w, http:\/\/clinime.com.br\/pg\/wp-content\/uploads\/2024\/11\/Debora-2-1-768x522.jpeg 768w, http:\/\/clinime.com.br\/pg\/wp-content\/uploads\/2024\/11\/Debora-2-1.jpeg 1499w\" sizes=\"(max-width: 1024px) 100vw, 1024px\" \/><\/figure>\n\n\n\n<p><strong>Debora de Paula Silva<\/strong><\/p>\n\n\n\n<p>Psic\u00f3loga e sex\u00f3loga<\/p>\n<\/div>\n\n\n\n<div class=\"wp-block-column is-layout-flow wp-block-column-is-layout-flow\">\n<figure class=\"wp-block-gallery has-nested-images columns-default is-cropped wp-block-gallery-4 is-layout-flex wp-block-gallery-is-layout-flex\">\n<figure class=\"wp-block-image size-large\"><img loading=\"lazy\" decoding=\"async\" width=\"1024\" height=\"673\" src=\"https:\/\/clinime.com.br\/pg\/wp-content\/uploads\/2025\/08\/Lorraine-14.5.2025-1-1024x673.jpg\" alt=\"\" class=\"wp-image-451\" srcset=\"http:\/\/clinime.com.br\/pg\/wp-content\/uploads\/2025\/08\/Lorraine-14.5.2025-1-1024x673.jpg 1024w, http:\/\/clinime.com.br\/pg\/wp-content\/uploads\/2025\/08\/Lorraine-14.5.2025-1-300x197.jpg 300w, http:\/\/clinime.com.br\/pg\/wp-content\/uploads\/2025\/08\/Lorraine-14.5.2025-1-768x505.jpg 768w, http:\/\/clinime.com.br\/pg\/wp-content\/uploads\/2025\/08\/Lorraine-14.5.2025-1-1536x1009.jpg 1536w, http:\/\/clinime.com.br\/pg\/wp-content\/uploads\/2025\/08\/Lorraine-14.5.2025-1-2048x1346.jpg 2048w\" sizes=\"(max-width: 1024px) 100vw, 1024px\" \/><\/figure>\n<\/figure>\n\n\n\n<p><strong>Dra. Lorraine Oliveira Castro<\/strong><\/p>\n\n\n\n<p>M\u00e9dica Psiquiatra<\/p>\n<\/div>\n\n\n\n<div class=\"wp-block-column is-layout-flow wp-block-column-is-layout-flow\">\n<figure class=\"wp-block-image size-large\"><img loading=\"lazy\" decoding=\"async\" width=\"1024\" height=\"682\" src=\"https:\/\/clinime.com.br\/pg\/wp-content\/uploads\/2024\/11\/Julia-1-1024x682.jpeg\" alt=\"\" class=\"wp-image-418\" srcset=\"http:\/\/clinime.com.br\/pg\/wp-content\/uploads\/2024\/11\/Julia-1-1024x682.jpeg 1024w, http:\/\/clinime.com.br\/pg\/wp-content\/uploads\/2024\/11\/Julia-1-300x200.jpeg 300w, http:\/\/clinime.com.br\/pg\/wp-content\/uploads\/2024\/11\/Julia-1-768x512.jpeg 768w, http:\/\/clinime.com.br\/pg\/wp-content\/uploads\/2024\/11\/Julia-1-1536x1023.jpeg 1536w, http:\/\/clinime.com.br\/pg\/wp-content\/uploads\/2024\/11\/Julia-1.jpeg 1600w\" sizes=\"(max-width: 1024px) 100vw, 1024px\" \/><\/figure>\n\n\n\n<p><strong>Julia Oliveira<\/strong><\/p>\n\n\n\n<p>Nutricionista<\/p>\n<\/div>\n<\/div>\n\n\n\n<div class=\"wp-block-columns is-layout-flex wp-container-core-columns-is-layout-9 wp-block-columns-is-layout-flex\">\n<div class=\"wp-block-column is-layout-flow wp-block-column-is-layout-flow\">\n<figure class=\"wp-block-image size-large\"><img loading=\"lazy\" decoding=\"async\" width=\"1024\" height=\"687\" src=\"https:\/\/clinime.com.br\/pg\/wp-content\/uploads\/2025\/08\/Larissa-Web-site-1-1024x687.jpg\" alt=\"\" class=\"wp-image-454\" srcset=\"http:\/\/clinime.com.br\/pg\/wp-content\/uploads\/2025\/08\/Larissa-Web-site-1-1024x687.jpg 1024w, http:\/\/clinime.com.br\/pg\/wp-content\/uploads\/2025\/08\/Larissa-Web-site-1-300x201.jpg 300w, http:\/\/clinime.com.br\/pg\/wp-content\/uploads\/2025\/08\/Larissa-Web-site-1-768x516.jpg 768w, http:\/\/clinime.com.br\/pg\/wp-content\/uploads\/2025\/08\/Larissa-Web-site-1-1536x1031.jpg 1536w, http:\/\/clinime.com.br\/pg\/wp-content\/uploads\/2025\/08\/Larissa-Web-site-1.jpg 1600w\" sizes=\"(max-width: 1024px) 100vw, 1024px\" \/><\/figure>\n\n\n\n<p><strong>Larissa Silva Almeida<\/strong><\/p>\n\n\n\n<p>Nutricionista<\/p>\n<\/div>\n\n\n\n<div class=\"wp-block-column is-layout-flow wp-block-column-is-layout-flow\">\n<figure class=\"wp-block-image size-full\"><img loading=\"lazy\" decoding=\"async\" width=\"1023\" height=\"675\" src=\"http:\/\/clinime.com.br\/pg\/wp-content\/uploads\/2023\/05\/Henrique-Martinss.jpeg\" alt=\"\" class=\"wp-image-402\" srcset=\"http:\/\/clinime.com.br\/pg\/wp-content\/uploads\/2023\/05\/Henrique-Martinss.jpeg 1023w, http:\/\/clinime.com.br\/pg\/wp-content\/uploads\/2023\/05\/Henrique-Martinss-300x198.jpeg 300w, http:\/\/clinime.com.br\/pg\/wp-content\/uploads\/2023\/05\/Henrique-Martinss-768x507.jpeg 768w\" sizes=\"(max-width: 1023px) 100vw, 1023px\" \/><\/figure>\n\n\n\n<p><strong>Dr Henrique Martins Damini<\/strong><\/p>\n\n\n\n<p>M\u00e9dico Psiquiatra<\/p>\n<\/div>\n\n\n\n<div class=\"wp-block-column is-layout-flow wp-block-column-is-layout-flow\">\n<figure class=\"wp-block-image size-large\"><img loading=\"lazy\" decoding=\"async\" width=\"1024\" height=\"682\" src=\"https:\/\/clinime.com.br\/pg\/wp-content\/uploads\/2025\/05\/Geraldina-14.5.2025-1024x682.jpg\" alt=\"\" class=\"wp-image-431\" srcset=\"http:\/\/clinime.com.br\/pg\/wp-content\/uploads\/2025\/05\/Geraldina-14.5.2025-1024x682.jpg 1024w, http:\/\/clinime.com.br\/pg\/wp-content\/uploads\/2025\/05\/Geraldina-14.5.2025-300x200.jpg 300w, http:\/\/clinime.com.br\/pg\/wp-content\/uploads\/2025\/05\/Geraldina-14.5.2025-768x512.jpg 768w, http:\/\/clinime.com.br\/pg\/wp-content\/uploads\/2025\/05\/Geraldina-14.5.2025-1536x1023.jpg 1536w, http:\/\/clinime.com.br\/pg\/wp-content\/uploads\/2025\/05\/Geraldina-14.5.2025.jpg 1600w\" sizes=\"(max-width: 1024px) 100vw, 1024px\" \/><\/figure>\n\n\n\n<p><strong>Geraldina da Costa Ribeiro Matos<\/strong><\/p>\n\n\n\n<p>Psic\u00f3loga<\/p>\n<\/div>\n<\/div>\n\n\n\n<div class=\"wp-block-columns is-layout-flex wp-container-core-columns-is-layout-10 wp-block-columns-is-layout-flex\">\n<div class=\"wp-block-column is-layout-flow wp-block-column-is-layout-flow\">\n<figure class=\"wp-block-gallery has-nested-images columns-default is-cropped wp-block-gallery-5 is-layout-flex wp-block-gallery-is-layout-flex\"><\/figure>\n\n\n\n<p><\/p>\n\n\n\n<p><\/p>\n<\/div>\n\n\n\n<div class=\"wp-block-column is-layout-flow wp-block-column-is-layout-flow\"><\/div>\n\n\n\n<div class=\"wp-block-column is-layout-flow wp-block-column-is-layout-flow\"><\/div>\n<\/div>\n\n\n\n<figure class=\"wp-block-image size-large is-resized\"><img loading=\"lazy\" decoding=\"async\" width=\"1024\" height=\"534\" src=\"http:\/\/clinime.com.br\/pg\/wp-content\/uploads\/2022\/02\/meio2-1024x534.png\" alt=\"\" class=\"wp-image-194\" style=\"width:1258px;height:656px\" srcset=\"http:\/\/clinime.com.br\/pg\/wp-content\/uploads\/2022\/02\/meio2-1024x534.png 1024w, http:\/\/clinime.com.br\/pg\/wp-content\/uploads\/2022\/02\/meio2-300x156.png 300w, http:\/\/clinime.com.br\/pg\/wp-content\/uploads\/2022\/02\/meio2-768x401.png 768w, http:\/\/clinime.com.br\/pg\/wp-content\/uploads\/2022\/02\/meio2-1536x801.png 1536w, http:\/\/clinime.com.br\/pg\/wp-content\/uploads\/2022\/02\/meio2.png 1695w\" sizes=\"(max-width: 1024px) 100vw, 1024px\" \/><\/figure>\n\n\n\n<h1 class=\"wp-block-heading has-text-align-center has-ast-global-color-2-color has-text-color has-large-font-size\">Agende sua Consulta!<\/h1>\n\n\n\n<p class=\"has-text-align-center\" style=\"font-size:25px\"><strong>Contatos: (31) 99504-9786 ou (31) 3141-4485<\/strong><\/p>\n\n\n\n<figure class=\"wp-block-image aligncenter size-full is-resized\"><a href=\"https:\/\/api.whatsapp.com\/send?phone=5531995049786&amp;text=Oi%2c+tenho+interesse+em+agendar...\" target=\"_blank\" rel=\"noopener\"><img loading=\"lazy\" decoding=\"async\" width=\"512\" height=\"512\" src=\"http:\/\/clinime.com.br\/pg\/wp-content\/uploads\/2022\/03\/whatsapp.png\" alt=\"\" class=\"wp-image-217\" style=\"width:512px;height:512px\" srcset=\"http:\/\/clinime.com.br\/pg\/wp-content\/uploads\/2022\/03\/whatsapp.png 512w, http:\/\/clinime.com.br\/pg\/wp-content\/uploads\/2022\/03\/whatsapp-300x300.png 300w, http:\/\/clinime.com.br\/pg\/wp-content\/uploads\/2022\/03\/whatsapp-150x150.png 150w\" sizes=\"(max-width: 512px) 100vw, 512px\" \/><\/a><\/figure>\n\n\n\n<p class=\"has-text-align-center has-large-font-size\"><strong> @clinimesaude<\/strong><\/p>\n\n\n\n<p class=\"has-text-align-center has-large-font-size\"><strong>clinime@gmail.com<\/strong><\/p>\n\n\n\n<p class=\"has-text-align-center has-large-font-size\"><strong>Rua Maranh\u00e3o, 339, salas 603\/606<\/strong><\/p>\n\n\n\n<p class=\"has-text-align-center has-large-font-size\"><strong>Santa Efig\u00eania &#8211; Belo Horizonte &#8211; MG<\/strong><\/p>\n\n\n\n\n\n<p class=\"has-small-font-size\"><\/p>\n\n\n\n<figure class=\"wp-block-image aligncenter size-full is-resized\"><img loading=\"lazy\" decoding=\"async\" width=\"194\" height=\"413\" src=\"http:\/\/clinime.com.br\/pg\/wp-content\/uploads\/2022\/02\/minicinza.png\" alt=\"\" class=\"wp-image-120\" style=\"width:162px;height:347px\" srcset=\"http:\/\/clinime.com.br\/pg\/wp-content\/uploads\/2022\/02\/minicinza.png 194w, http:\/\/clinime.com.br\/pg\/wp-content\/uploads\/2022\/02\/minicinza-141x300.png 141w\" sizes=\"(max-width: 194px) 100vw, 194px\" \/><\/figure>\n\n\n","protected":false},"excerpt":{"rendered":"<p>Conhe\u00e7a a Clinime Recep\u00e7\u00e3o Aberta das 7:00 at\u00e9 \u00e0s 19:00, nossa recep\u00e7\u00e3o conta com duas confort\u00e1veis salas de espera, moderno banheiro e copa para melhor atend\u00ea-los. Al\u00e9m disso, nosso staff \u00e9 muito atencioso e dispon\u00edvel, vem conferir! Consult\u00f3rios Temos 06 confort\u00e1veis consult\u00f3rios, adaptados para diferentes especialidades na \u00e1rea da sa\u00fade: Psiquiatria, Psicologia, Pediatria, Terapia Ocupacional, &hellip;<\/p>\n<p class=\"read-more\"> <a class=\"\" href=\"http:\/\/clinime.com.br\/pg\/\"> <span class=\"screen-reader-text\">Clinime Sa\u00fade<\/span> Leia mais &raquo;<\/a><\/p>\n","protected":false},"author":1,"featured_media":0,"parent":0,"menu_order":0,"comment_status":"closed","ping_status":"closed","template":"","meta":{"site-sidebar-layout":"default","site-content-layout":"default","ast-main-header-display":"","ast-hfb-above-header-display":"","ast-hfb-below-header-display":"","ast-hfb-mobile-header-display":"","site-post-title":"disabled","ast-breadcrumbs-content":"disabled","ast-featured-img":"","footer-sml-layout":"","theme-transparent-header-meta":"","adv-header-id-meta":"","stick-header-meta":"","header-above-stick-meta":"","header-main-stick-meta":"","header-below-stick-meta":"","footnotes":""},"class_list":["post-2","page","type-page","status-publish","hentry"],"yoast_head":"<!-- This site is optimized with the Yoast SEO plugin v18.2 - https:\/\/yoast.com\/wordpress\/plugins\/seo\/ -->\n<title>Clinime Sa\u00fade - Clinime<\/title>\n<meta name=\"description\" content=\"Somos uma clinica multidisciplinar que acredita que seu bem-estar de da sua fam\u00edlia deve vir em primer lugar! Estamos preparados para ajudar voc\u00ea a alcan\u00e7ar maior qualidade de vida atrav\u00e9s do cuidado com sua sa\u00fade, vem conosco!\" \/>\n<meta name=\"robots\" content=\"index, follow, max-snippet:-1, max-image-preview:large, max-video-preview:-1\" \/>\n<link rel=\"canonical\" href=\"http:\/\/clinime.com.br\/pg\/\" \/>\n<meta property=\"og:locale\" content=\"pt_BR\" \/>\n<meta property=\"og:type\" content=\"article\" \/>\n<meta property=\"og:title\" content=\"Clinime Sa\u00fade - Clinime\" \/>\n<meta property=\"og:description\" content=\"Somos uma clinica multidisciplinar que acredita que seu bem-estar de da sua fam\u00edlia deve vir em primer lugar! Estamos preparados para ajudar voc\u00ea a alcan\u00e7ar maior qualidade de vida atrav\u00e9s do cuidado com sua sa\u00fade, vem conosco!\" \/>\n<meta property=\"og:url\" content=\"http:\/\/clinime.com.br\/pg\/\" \/>\n<meta property=\"og:site_name\" content=\"Clinime\" \/>\n<meta property=\"article:modified_time\" content=\"2026-02-06T13:56:28+00:00\" \/>\n<meta property=\"og:image\" content=\"http:\/\/clinime.com.br\/pg\/wp-content\/uploads\/2022\/02\/home-1.png\" \/>\n<meta name=\"twitter:card\" content=\"summary_large_image\" \/>\n<meta name=\"twitter:label1\" content=\"Est. tempo de leitura\" \/>\n\t<meta name=\"twitter:data1\" content=\"6 minutos\" \/>\n<script type=\"application\/ld+json\" class=\"yoast-schema-graph\">{\"@context\":\"https:\/\/schema.org\",\"@graph\":[{\"@type\":\"WebSite\",\"@id\":\"http:\/\/clinime.com.br\/pg\/#website\",\"url\":\"http:\/\/clinime.com.br\/pg\/\",\"name\":\"Clinime\",\"description\":\"Clinime\",\"potentialAction\":[{\"@type\":\"SearchAction\",\"target\":{\"@type\":\"EntryPoint\",\"urlTemplate\":\"http:\/\/clinime.com.br\/pg\/?s={search_term_string}\"},\"query-input\":\"required name=search_term_string\"}],\"inLanguage\":\"pt-BR\"},{\"@type\":\"ImageObject\",\"@id\":\"http:\/\/clinime.com.br\/pg\/#primaryimage\",\"inLanguage\":\"pt-BR\",\"url\":\"http:\/\/clinime.com.br\/pg\/wp-content\/uploads\/2022\/02\/home-1.png\",\"contentUrl\":\"http:\/\/clinime.com.br\/pg\/wp-content\/uploads\/2022\/02\/home-1.png\",\"width\":742,\"height\":854},{\"@type\":\"WebPage\",\"@id\":\"http:\/\/clinime.com.br\/pg\/#webpage\",\"url\":\"http:\/\/clinime.com.br\/pg\/\",\"name\":\"Clinime Sa\u00fade - Clinime\",\"isPartOf\":{\"@id\":\"http:\/\/clinime.com.br\/pg\/#website\"},\"primaryImageOfPage\":{\"@id\":\"http:\/\/clinime.com.br\/pg\/#primaryimage\"},\"datePublished\":\"2022-01-26T21:16:02+00:00\",\"dateModified\":\"2026-02-06T13:56:28+00:00\",\"description\":\"Somos uma clinica multidisciplinar que acredita que seu bem-estar de da sua fam\u00edlia deve vir em primer lugar! Estamos preparados para ajudar voc\u00ea a alcan\u00e7ar maior qualidade de vida atrav\u00e9s do cuidado com sua sa\u00fade, vem conosco!\",\"breadcrumb\":{\"@id\":\"http:\/\/clinime.com.br\/pg\/#breadcrumb\"},\"inLanguage\":\"pt-BR\",\"potentialAction\":[{\"@type\":\"ReadAction\",\"target\":[\"http:\/\/clinime.com.br\/pg\/\"]}]},{\"@type\":\"BreadcrumbList\",\"@id\":\"http:\/\/clinime.com.br\/pg\/#breadcrumb\",\"itemListElement\":[{\"@type\":\"ListItem\",\"position\":1,\"name\":\"Home\",\"item\":\"http:\/\/clinime.com.br\/pg\/\"},{\"@type\":\"ListItem\",\"position\":2,\"name\":\"Clinime Sa\u00fade\"}]}]}<\/script>\n<!-- \/ Yoast SEO plugin. -->","yoast_head_json":{"title":"Clinime Sa\u00fade - Clinime","description":"Somos uma clinica multidisciplinar que acredita que seu bem-estar de da sua fam\u00edlia deve vir em primer lugar! Estamos preparados para ajudar voc\u00ea a alcan\u00e7ar maior qualidade de vida atrav\u00e9s do cuidado com sua sa\u00fade, vem conosco!","robots":{"index":"index","follow":"follow","max-snippet":"max-snippet:-1","max-image-preview":"max-image-preview:large","max-video-preview":"max-video-preview:-1"},"canonical":"http:\/\/clinime.com.br\/pg\/","og_locale":"pt_BR","og_type":"article","og_title":"Clinime Sa\u00fade - Clinime","og_description":"Somos uma clinica multidisciplinar que acredita que seu bem-estar de da sua fam\u00edlia deve vir em primer lugar! Estamos preparados para ajudar voc\u00ea a alcan\u00e7ar maior qualidade de vida atrav\u00e9s do cuidado com sua sa\u00fade, vem conosco!","og_url":"http:\/\/clinime.com.br\/pg\/","og_site_name":"Clinime","article_modified_time":"2026-02-06T13:56:28+00:00","og_image":[{"url":"http:\/\/clinime.com.br\/pg\/wp-content\/uploads\/2022\/02\/home-1.png"}],"twitter_card":"summary_large_image","twitter_misc":{"Est. tempo de leitura":"6 minutos"},"schema":{"@context":"https:\/\/schema.org","@graph":[{"@type":"WebSite","@id":"http:\/\/clinime.com.br\/pg\/#website","url":"http:\/\/clinime.com.br\/pg\/","name":"Clinime","description":"Clinime","potentialAction":[{"@type":"SearchAction","target":{"@type":"EntryPoint","urlTemplate":"http:\/\/clinime.com.br\/pg\/?s={search_term_string}"},"query-input":"required name=search_term_string"}],"inLanguage":"pt-BR"},{"@type":"ImageObject","@id":"http:\/\/clinime.com.br\/pg\/#primaryimage","inLanguage":"pt-BR","url":"http:\/\/clinime.com.br\/pg\/wp-content\/uploads\/2022\/02\/home-1.png","contentUrl":"http:\/\/clinime.com.br\/pg\/wp-content\/uploads\/2022\/02\/home-1.png","width":742,"height":854},{"@type":"WebPage","@id":"http:\/\/clinime.com.br\/pg\/#webpage","url":"http:\/\/clinime.com.br\/pg\/","name":"Clinime Sa\u00fade - Clinime","isPartOf":{"@id":"http:\/\/clinime.com.br\/pg\/#website"},"primaryImageOfPage":{"@id":"http:\/\/clinime.com.br\/pg\/#primaryimage"},"datePublished":"2022-01-26T21:16:02+00:00","dateModified":"2026-02-06T13:56:28+00:00","description":"Somos uma clinica multidisciplinar que acredita que seu bem-estar de da sua fam\u00edlia deve vir em primer lugar! Estamos preparados para ajudar voc\u00ea a alcan\u00e7ar maior qualidade de vida atrav\u00e9s do cuidado com sua sa\u00fade, vem conosco!","breadcrumb":{"@id":"http:\/\/clinime.com.br\/pg\/#breadcrumb"},"inLanguage":"pt-BR","potentialAction":[{"@type":"ReadAction","target":["http:\/\/clinime.com.br\/pg\/"]}]},{"@type":"BreadcrumbList","@id":"http:\/\/clinime.com.br\/pg\/#breadcrumb","itemListElement":[{"@type":"ListItem","position":1,"name":"Home","item":"http:\/\/clinime.com.br\/pg\/"},{"@type":"ListItem","position":2,"name":"Clinime Sa\u00fade"}]}]}},"_links":{"self":[{"href":"http:\/\/clinime.com.br\/pg\/wp-json\/wp\/v2\/pages\/2"}],"collection":[{"href":"http:\/\/clinime.com.br\/pg\/wp-json\/wp\/v2\/pages"}],"about":[{"href":"http:\/\/clinime.com.br\/pg\/wp-json\/wp\/v2\/types\/page"}],"author":[{"embeddable":true,"href":"http:\/\/clinime.com.br\/pg\/wp-json\/wp\/v2\/users\/1"}],"replies":[{"embeddable":true,"href":"http:\/\/clinime.com.br\/pg\/wp-json\/wp\/v2\/comments?post=2"}],"version-history":[{"count":193,"href":"http:\/\/clinime.com.br\/pg\/wp-json\/wp\/v2\/pages\/2\/revisions"}],"predecessor-version":[{"id":464,"href":"http:\/\/clinime.com.br\/pg\/wp-json\/wp\/v2\/pages\/2\/revisions\/464"}],"wp:attachment":[{"href":"http:\/\/clinime.com.br\/pg\/wp-json\/wp\/v2\/media?parent=2"}],"curies":[{"name":"wp","href":"https:\/\/api.w.org\/{rel}","templated":true}]}}